{"id":6353,"date":"2024-12-17T21:34:57","date_gmt":"2024-12-17T21:34:57","guid":{"rendered":"https:\/\/theatreagora.ca\/confessions-sceniques-dispositif-theatralite-et-reinvention-du-reel\/"},"modified":"2025-02-18T21:56:17","modified_gmt":"2025-02-18T21:56:17","slug":"confessions-sceniques-dispositif-theatralite-et-reinvention-du-reel","status":"publish","type":"page","link":"https:\/\/theatreagora.ca\/fr\/confessions-sceniques-dispositif-theatralite-et-reinvention-du-reel\/","title":{"rendered":"Confessions sc\u00e9niques : dispositif, th\u00e9\u00e2tralit\u00e9 et r\u00e9invention du r\u00e9el"},"content":{"rendered":"\n<figure class=\"wp-block-image size-large\"><img decoding=\"async\" src=\"https:\/\/theatreagora.ca\/wp-content\/uploads\/2024\/12\/pierre-olivier-1024x769.jpg\" alt=\"\"\/><figcaption class=\"wp-element-caption\">Cr\u00e9dit photo : Lucas Prudhomme-Rheault \/ @lpr_photographe<\/figcaption><\/figure>\n\n\n\n<p><strong>CEAD &#8211; 19 d\u00e9cembre 2024 \u00e0 17h<br>En pr\u00e9sentiel au <a href=\"https:\/\/www.bing.com\/ck\/a?!&amp;&amp;p=0847b56501cd35dd0ac5dfa3624074f5f428fc6dadcd3c079b20c32fef8e3c0cJmltdHM9MTczMzQ0MzIwMA&amp;ptn=3&amp;ver=2&amp;hsh=4&amp;fclid=0c04bec7-ad70-6b1d-0d6c-aac9ac726ad4&amp;u=a1L21hcHM_Jm1lcGk9MTA5fn5Ub3BPZlBhZ2V-QWRkcmVzc19MaW5rJnR5PTE4JnE9Q2VudHJlJTIwRGVzJTIwQXV0ZXVycyUyMERyYW1hdGlxdWVzJTIwJTI4Q0VBRCUyOSZzcz15cGlkLllOMTIyNngzNjYyMjQ0Mjg5MDI2MDUxODImcHBvaXM9NDUuNTI3MDUwMDE4MzEwNTVfLTczLjU5NTMyOTI4NDY2Nzk3X0NlbnRyZSUyMERlcyUyMEF1dGV1cnMlMjBEcmFtYXRpcXVlcyUyMCUyOENFQUQlMjlfWU4xMjI2eDM2NjIyNDQyODkwMjYwNTE4Mn4mY3A9NDUuNTI3MDV-LTczLjU5NTMyOSZ2PTImc1Y9MSZGT1JNPU1QU1JQTA&amp;ntb=1\">5445 Avenue de Gasp\u00e9, Montr\u00e9a<\/a>l<br>En ligne via Th\u00e9\u00e2treAgora.ca<\/strong><\/p>\n\n\n\n<div class=\"wp-block-buttons is-layout-flex wp-block-buttons-is-layout-flex\">\n<div class=\"wp-block-button\"><a class=\"wp-block-button__link wp-element-button\" href=\"https:\/\/us06web.zoom.us\/j\/83891099044\">Cliquez ici pour acc\u00e9der \u00e0 la conf\u00e9rence en ligne<\/a><\/div>\n<\/div>\n\n\n\n<p>\u00c0 premi\u00e8re vue, et si nous observons les programmations th\u00e9\u00e2trales de ces derni\u00e8res ann\u00e9es, l\u2019esth\u00e9tique du t\u00e9moignage semble r\u00e9currente dans les productions sc\u00e9niques, qu\u2019elle soit repr\u00e9sent\u00e9e par des r\u00e9cits biographiques, autobiographiques ou des d\u00e9marches documentaires. Dans ces trois cas, les d\u00e9marches de cr\u00e9ations se rapprochent des acceptions g\u00e9n\u00e9rales du verbe t\u00e9moigner qui impliquent que \u00ab <em>quelqu\u2019un atteste de quelque chose devant une communaut\u00e9.<\/em> \u00bb (Rykner, 2011, p. 166) Pour Jacques Delcuvellerie, fondateur du collectif <em>Groupov<\/em>, le t\u00e9moignage \u00ab <em>semble op\u00e9rer une rupture dans l\u2019ordre de la repr\u00e9sentation, [puisqu\u2019] une r\u00e9alit\u00e9 exog\u00e8ne \u00e0 celle-ci s\u2019y trouve ins\u00e9r\u00e9e.<\/em> \u00bb (2011, p.57)<\/p>\n\n\n\n<p>Ainsi, qu\u2019il soit pens\u00e9 comme une tribune pour l\u2019artiste ou comme une mani\u00e8re de provoquer un dialogue avec le public, le th\u00e9\u00e2tre-t\u00e9moignage se multiplie et les processus de cr\u00e9ation naissent de plus en plus d\u2019univers intimes et parfois inaccessibles. Arnaud Rykner propose de penser le t\u00e9moignage non pas comme un signifiant de notre \u00e9poque, mais plut\u00f4t comme un \u00ab<em>\u201cdispositif pour le th\u00e9\u00e2tre\u201d, c\u2019est-\u00e0-dire un dispositif profond\u00e9ment, intrins\u00e8quement, n\u00e9cessairement th\u00e9\u00e2tral. <\/em>\u00bb (2011, p. 165) Envisager le t\u00e9moignage comme un dispositif permet non seulement de d\u00e9passer les notions d\u2019individualit\u00e9 et d\u2019intimit\u00e9 qui y sont rattach\u00e9es, mais d\u2019interroger sa structure pour repenser la repr\u00e9sentation. En effet, toujours selon Rykner (2008), le dispositif reposerait sur trois aspects : l\u2019organisation de l\u2019espace, l\u2019interaction provoqu\u00e9e entre le public et le spectacle, et le discours.<\/p>\n\n\n\n<p>D\u00e8s lors, le dispositif du t\u00e9moignage est-il une forme dramatique, ou une forme qui pr\u00e9c\u00e8de la dramaturgie? Qu\u2019est-ce qui fait t\u00e9moignage d\u00e8s l\u2019instant o\u00f9 le th\u00e9\u00e2tre se pr\u00e9sente toujours, du moins principalement, comme une personne qui t\u00e9moigne d\u2019une parole devant autrui? Le th\u00e9\u00e2tre-t\u00e9moignage peut-il se penser autrement que par le prisme de l\u2019individualit\u00e9 et du rapport entre la th\u00e9\u00e2tralit\u00e9 et le r\u00e9el?&nbsp;<\/p>\n\n\n\n<p>En collaboration avec le CEAD, les chercheur\u00b7euses de l\u2019Axe th\u00e9orie et critique de la <em>Soci\u00e9t\u00e9 qu\u00e9b\u00e9coise d\u2019\u00e9tudes th\u00e9\u00e2trales<\/em> (SQET) vous invitent le 19 d\u00e9cembre prochain \u00e0 un 5 \u00e0 7 rassemblant les auteur.rices Anne-Marie Olivier et Dany Boudreault pour discuter de l\u2019influence du t\u00e9moignage dans leurs d\u00e9marches d\u2019\u00e9criture. La conf\u00e9rence-discussion sera ouverte au public en pr\u00e9sentiel dans les locaux du CEAD et en ligne via Th\u00e9\u00e2treAgora.ca&nbsp;<\/p>\n\n\n\n<p><em>Mots-cl\u00e9s: V\u00e9rit\u00e9, r\u00e9el, dispositif, t\u00e9moin, t\u00e9moignage, r\u00e9v\u00e9ler, effets de r\u00e9el, attestations de pr\u00e9sence<\/em><\/p>\n\n\n\n<p><strong>R\u00c9F\u00c9RENCES<\/strong><\/p>\n\n\n\n<p>DELCUVELLERIE, Jacques (2011), \u00ab De l\u2019usage du t\u00e9moignage en sc\u00e8ne, entretien avec Fabien Darel \u00bb, <em>\u00c9tudes th\u00e9\u00e2trales,<\/em> no.51-52, p. 56-64.<\/p>\n\n\n\n<p>RYKNER, Arnaud (2008), \u00ab Du dispositif et de son usage au th\u00e9\u00e2tre \u00bb, <em>Tangence<\/em>, no. 88, p. 91-103.<em> <\/em>\u00a0RYKNER, Arnaud (2011), \u00abTh\u00e9\u00e2tre-t\u00e9moignage\/th\u00e9\u00e2tre-testament\u00bb, <em>\u00c9tudes th\u00e9\u00e2trales<\/em>, no. 51-52, p. 165-171.<\/p>\n\n\n\n<hr class=\"wp-block-separator aligncenter has-alpha-channel-opacity is-style-default\"\/>\n\n\n\n<h2 class=\"wp-block-heading\">Les invit\u00e9.e.s<\/h2>\n\n\n<div class=\"wp-block-image\">\n<figure class=\"alignleft size-full is-resized\"><img loading=\"lazy\" decoding=\"async\" width=\"640\" height=\"960\" src=\"https:\/\/theatreagora.ca\/wp-content\/uploads\/2024\/12\/lady.jpg\" alt=\"\" class=\"wp-image-6334\" style=\"width:245px;height:auto\" srcset=\"https:\/\/theatreagora.ca\/wp-content\/uploads\/2024\/12\/lady.jpg 640w, https:\/\/theatreagora.ca\/wp-content\/uploads\/2024\/12\/lady-200x300.jpg 200w, https:\/\/theatreagora.ca\/wp-content\/uploads\/2024\/12\/lady-540x810.jpg 540w\" sizes=\"auto, (max-width: 640px) 100vw, 640px\" \/><figcaption class=\"wp-element-caption\">Cr\u00e9dit photo : St\u00e9phane Bourgeois<\/figcaption><\/figure>\n<\/div>\n\n\n<p>Connue \u00e0 la fois comme interpr\u00e8te, et autrice, Anne-Marie Olivier demeure une figure importante du th\u00e9\u00e2tre au Qu\u00e9bec. Anne-Marie Olivier a assur\u00e9 la codirection g\u00e9n\u00e9rale et la direction artistique du Th\u00e9\u00e2tre du Trident pendant 9 ans. Elle est la directrice artistique de la compagnie Bienvenue aux dames! et compte une douzaine de publications, ainsi que plusieurs prix et distinctions. Elle fait partie du corps professoral du Conservatoire d&#8217;Art dramatique de Qu\u00e9bec.&nbsp;<\/p>\n\n\n\n<p>En 2004, sa pi\u00e8ce solo <em>Gros et d\u00e9tail<\/em>, lui attire un succ\u00e8s tant critique que populaire. Ce premier cru lui vaut le prix d\u2019interpr\u00e9tation Paul H\u00e9bert aux Prix d\u2019excellence des arts et de la culture de Qu\u00e9bec et le Masque du public Loto-Qu\u00e9bec 2005. Elle poursuit son travail de com\u00e9dienne pour Wajdi Mouawad dans <em>For\u00eats<\/em>, <em>Les Trois s\u0153urs<\/em> et <em>Temps <\/em>en France, en Russie et au Br\u00e9sil<em>.<\/em>&nbsp;&nbsp;<\/p>\n\n\n\n<p>Forte de ses exp\u00e9riences comme com\u00e9dienne, elle cr\u00e9e les pi\u00e8ces <em>Mon corps deviendra froid<\/em>, <em>Annette<\/em>, <em>Scalp\u00e9, Faire l\u2019amour<\/em> et <em>Venir au monde<\/em>. Ce dernier texte fut r\u00e9compens\u00e9, en 2018, par le Prix litt\u00e9raire du Gouverneur g\u00e9n\u00e9ral dans la cat\u00e9gorie Th\u00e9\u00e2tre pour le meilleur texte francophone au pays. Derni\u00e8rement, elle a cr\u00e9\u00e9 le spectacle <em>Maurice<\/em>, qu&#8217;elle tourne au Qu\u00e9bec et au Canada dans la prochaine ann\u00e9e. Elle travaille actuellement \u00e0 une nouvelle cr\u00e9ation qui verra le jour en avril au Th\u00e9\u00e2tre du Trident. Le fil rouge de sa pratique demeure la cueillette d&#8217;histoires vraies et le sens que l&#8217;on donne \u00e0 nos vies. <br><br><br><br><br><\/p>\n\n\n<div class=\"wp-block-image\">\n<figure class=\"alignleft size-full is-resized\"><img loading=\"lazy\" decoding=\"async\" width=\"500\" height=\"750\" src=\"https:\/\/theatreagora.ca\/wp-content\/uploads\/2024\/12\/guy.jpg\" alt=\"\" class=\"wp-image-6336\" style=\"width:238px;height:auto\" srcset=\"https:\/\/theatreagora.ca\/wp-content\/uploads\/2024\/12\/guy.jpg 500w, https:\/\/theatreagora.ca\/wp-content\/uploads\/2024\/12\/guy-200x300.jpg 200w\" sizes=\"auto, (max-width: 500px) 100vw, 500px\" \/><figcaption class=\"wp-element-caption\">Cr\u00e9dit photo : Julie Artacho<\/figcaption><\/figure>\n<\/div>\n\n\n<p>Dany Boudreault termine sa formation \u00e0 l\u2019\u00c9cole nationale de th\u00e9\u00e2tre en 2008. Comme acteur, il a notamment foul\u00e9 les planches avec <em>Ch\u00e2teaux du ciel, Le songe d\u2019une nuit d\u2019\u00e9t\u00e9<\/em>, ou encore <em>Parce que la nuit<\/em>, dont il cosigne l\u2019adaptation avec Brigitte Haentjens. Il explore autant la nouvelle dramaturgie que le r\u00e9pertoire, de Shakespeare \u00e0 Moli\u00e8re, en passant par Tennessee Williams. Au Prospero, on a pu le voir dans <em>Les enivr\u00e9s<\/em>, de Viripaev, dans une mise en sc\u00e8ne de Florent Siaud, et il y interpr\u00e8te cette saison-ci le nouveau texte de Pascal Brullemans, <em>Homicide<\/em>, dans une mise en sc\u00e8ne de Nini B\u00e9langer. Au cin\u00e9ma, il s\u2019associe \u00e0 plusieurs distributions dont <em>Nuit blonde, 23 d\u00e9cembre, Confessions, Boris sans B\u00e9atrice<\/em> et <em>Vic et Flo ont vu un ours<\/em>. \u00c0 titre d\u2019auteur, Dany a publi\u00e9 plusieurs recueils de po\u00e9sie et pi\u00e8ces de th\u00e9\u00e2tre, dont sa plus r\u00e9cente, <em>Corps c\u00e9lestes<\/em>, aux \u00e9ditions du Quartanier. Il enseigne aux interpr\u00e8tes en formation \u00e0 l\u2019\u00c9cole nationale de th\u00e9\u00e2tre. Depuis 2012, il co-dirige la compagnie La Messe Basse. <\/p>\n\n\n\n<div class=\"wp-block-buttons is-layout-flex wp-block-buttons-is-layout-flex\">\n<div class=\"wp-block-button\"><a class=\"wp-block-button__link wp-element-button\" href=\"https:\/\/us06web.zoom.us\/j\/83891099044\">Cliquez ici pour acc\u00e9der \u00e0 la conf\u00e9rence en ligne<\/a><\/div>\n<\/div>\n","protected":false},"excerpt":{"rendered":"<p>CEAD &#8211; 19 d\u00e9cembre 2024 \u00e0 17hEn pr\u00e9sentiel au 5445 Avenue de Gasp\u00e9, Montr\u00e9alEn ligne via Th\u00e9\u00e2treAgora.ca \u00c0 premi\u00e8re vue, et si nous observons les programmations th\u00e9\u00e2trales de&hellip;<\/p>\n","protected":false},"author":251,"featured_media":0,"parent":0,"menu_order":0,"comment_status":"closed","ping_status":"closed","template":"","meta":{"_acf_changed":false,"_uag_custom_page_level_css":"","_monsterinsights_skip_tracking":false,"_monsterinsights_sitenote_active":false,"_monsterinsights_sitenote_note":"","_monsterinsights_sitenote_category":0,"footnotes":""},"class_list":["post-6353","page","type-page","status-publish","has-post-thumbnail","hentry"],"acf":[],"yoast_head":"<!-- This site is optimized with the Yoast SEO plugin v27.4 - https:\/\/yoast.com\/product\/yoast-seo-wordpress\/ -->\n<title>Confessions sc\u00e9niques : dispositif, th\u00e9\u00e2tralit\u00e9 et r\u00e9invention du r\u00e9el - TheatreAgora.ca<\/title>\n<meta name=\"robots\" content=\"index, follow, max-snippet:-1, max-image-preview:large, max-video-preview:-1\" \/>\n<link rel=\"canonical\" href=\"https:\/\/theatreagora.ca\/fr\/confessions-sceniques-dispositif-theatralite-et-reinvention-du-reel\/\" \/>\n<meta property=\"og:locale\" content=\"fr_FR\" \/>\n<meta property=\"og:type\" content=\"article\" \/>\n<meta property=\"og:title\" content=\"Confessions sc\u00e9niques : dispositif, th\u00e9\u00e2tralit\u00e9 et r\u00e9invention du r\u00e9el - TheatreAgora.ca\" \/>\n<meta property=\"og:description\" content=\"CEAD &#8211; 19 d\u00e9cembre 2024 \u00e0 17hEn pr\u00e9sentiel au 5445 Avenue de Gasp\u00e9, Montr\u00e9alEn ligne via Th\u00e9\u00e2treAgora.ca \u00c0 premi\u00e8re vue, et si nous observons les programmations th\u00e9\u00e2trales de&hellip;\" \/>\n<meta property=\"og:url\" content=\"https:\/\/theatreagora.ca\/fr\/confessions-sceniques-dispositif-theatralite-et-reinvention-du-reel\/\" \/>\n<meta property=\"og:site_name\" content=\"TheatreAgora.ca\" \/>\n<meta property=\"article:modified_time\" content=\"2025-02-18T21:56:17+00:00\" \/>\n<meta property=\"og:image\" content=\"https:\/\/theatreagora.ca\/wp-content\/uploads\/2024\/12\/pierre-olivier-1024x769.jpg\" \/>\n<meta name=\"twitter:card\" content=\"summary_large_image\" \/>\n<meta name=\"twitter:label1\" content=\"Dur\u00e9e de lecture estim\u00e9e\" \/>\n\t<meta name=\"twitter:data1\" content=\"5 minutes\" \/>\n<script type=\"application\/ld+json\" class=\"yoast-schema-graph\">{\"@context\":\"https:\\\/\\\/schema.org\",\"@graph\":[{\"@type\":\"WebPage\",\"@id\":\"https:\\\/\\\/theatreagora.ca\\\/fr\\\/confessions-sceniques-dispositif-theatralite-et-reinvention-du-reel\\\/\",\"url\":\"https:\\\/\\\/theatreagora.ca\\\/fr\\\/confessions-sceniques-dispositif-theatralite-et-reinvention-du-reel\\\/\",\"name\":\"Confessions sc\u00e9niques : dispositif, th\u00e9\u00e2tralit\u00e9 et r\u00e9invention du r\u00e9el - TheatreAgora.ca\",\"isPartOf\":{\"@id\":\"https:\\\/\\\/theatreagora.ca\\\/#website\"},\"primaryImageOfPage\":{\"@id\":\"https:\\\/\\\/theatreagora.ca\\\/fr\\\/confessions-sceniques-dispositif-theatralite-et-reinvention-du-reel\\\/#primaryimage\"},\"image\":{\"@id\":\"https:\\\/\\\/theatreagora.ca\\\/fr\\\/confessions-sceniques-dispositif-theatralite-et-reinvention-du-reel\\\/#primaryimage\"},\"thumbnailUrl\":\"https:\\\/\\\/theatreagora.ca\\\/wp-content\\\/uploads\\\/2024\\\/12\\\/pierre-olivier-1024x769.jpg\",\"datePublished\":\"2024-12-17T21:34:57+00:00\",\"dateModified\":\"2025-02-18T21:56:17+00:00\",\"breadcrumb\":{\"@id\":\"https:\\\/\\\/theatreagora.ca\\\/fr\\\/confessions-sceniques-dispositif-theatralite-et-reinvention-du-reel\\\/#breadcrumb\"},\"inLanguage\":\"fr-FR\",\"potentialAction\":[{\"@type\":\"ReadAction\",\"target\":[\"https:\\\/\\\/theatreagora.ca\\\/fr\\\/confessions-sceniques-dispositif-theatralite-et-reinvention-du-reel\\\/\"]}]},{\"@type\":\"ImageObject\",\"inLanguage\":\"fr-FR\",\"@id\":\"https:\\\/\\\/theatreagora.ca\\\/fr\\\/confessions-sceniques-dispositif-theatralite-et-reinvention-du-reel\\\/#primaryimage\",\"url\":\"https:\\\/\\\/theatreagora.ca\\\/wp-content\\\/uploads\\\/2024\\\/12\\\/pierre-olivier-1024x769.jpg\",\"contentUrl\":\"https:\\\/\\\/theatreagora.ca\\\/wp-content\\\/uploads\\\/2024\\\/12\\\/pierre-olivier-1024x769.jpg\"},{\"@type\":\"BreadcrumbList\",\"@id\":\"https:\\\/\\\/theatreagora.ca\\\/fr\\\/confessions-sceniques-dispositif-theatralite-et-reinvention-du-reel\\\/#breadcrumb\",\"itemListElement\":[{\"@type\":\"ListItem\",\"position\":1,\"name\":\"Home\",\"item\":\"https:\\\/\\\/theatreagora.ca\\\/fr\\\/\"},{\"@type\":\"ListItem\",\"position\":2,\"name\":\"Confessions sc\u00e9niques : dispositif, th\u00e9\u00e2tralit\u00e9 et r\u00e9invention du r\u00e9el\"}]},{\"@type\":\"WebSite\",\"@id\":\"https:\\\/\\\/theatreagora.ca\\\/#website\",\"url\":\"https:\\\/\\\/theatreagora.ca\\\/\",\"name\":\"TheatreAgora.ca\",\"description\":\"the online meeting place of CATR and SQET |\u00a0le lieu de rencontre en ligne de la SQET et de l\u2019ACRT\",\"publisher\":{\"@id\":\"https:\\\/\\\/theatreagora.ca\\\/#organization\"},\"potentialAction\":[{\"@type\":\"SearchAction\",\"target\":{\"@type\":\"EntryPoint\",\"urlTemplate\":\"https:\\\/\\\/theatreagora.ca\\\/?s={search_term_string}\"},\"query-input\":{\"@type\":\"PropertyValueSpecification\",\"valueRequired\":true,\"valueName\":\"search_term_string\"}}],\"inLanguage\":\"fr-FR\"},{\"@type\":\"Organization\",\"@id\":\"https:\\\/\\\/theatreagora.ca\\\/#organization\",\"name\":\"TheatreAgora.ca\",\"url\":\"https:\\\/\\\/theatreagora.ca\\\/\",\"logo\":{\"@type\":\"ImageObject\",\"inLanguage\":\"fr-FR\",\"@id\":\"https:\\\/\\\/theatreagora.ca\\\/#\\\/schema\\\/logo\\\/image\\\/\",\"url\":\"https:\\\/\\\/theatreagora.ca\\\/wp-content\\\/uploads\\\/2024\\\/11\\\/cropped-TA_Logo.png\",\"contentUrl\":\"https:\\\/\\\/theatreagora.ca\\\/wp-content\\\/uploads\\\/2024\\\/11\\\/cropped-TA_Logo.png\",\"width\":2043,\"height\":517,\"caption\":\"TheatreAgora.ca\"},\"image\":{\"@id\":\"https:\\\/\\\/theatreagora.ca\\\/#\\\/schema\\\/logo\\\/image\\\/\"}}]}<\/script>\n<!-- \/ Yoast SEO plugin. -->","yoast_head_json":{"title":"Confessions sc\u00e9niques : dispositif, th\u00e9\u00e2tralit\u00e9 et r\u00e9invention du r\u00e9el - TheatreAgora.ca","robots":{"index":"index","follow":"follow","max-snippet":"max-snippet:-1","max-image-preview":"max-image-preview:large","max-video-preview":"max-video-preview:-1"},"canonical":"https:\/\/theatreagora.ca\/fr\/confessions-sceniques-dispositif-theatralite-et-reinvention-du-reel\/","og_locale":"fr_FR","og_type":"article","og_title":"Confessions sc\u00e9niques : dispositif, th\u00e9\u00e2tralit\u00e9 et r\u00e9invention du r\u00e9el - TheatreAgora.ca","og_description":"CEAD &#8211; 19 d\u00e9cembre 2024 \u00e0 17hEn pr\u00e9sentiel au 5445 Avenue de Gasp\u00e9, Montr\u00e9alEn ligne via Th\u00e9\u00e2treAgora.ca \u00c0 premi\u00e8re vue, et si nous observons les programmations th\u00e9\u00e2trales de&hellip;","og_url":"https:\/\/theatreagora.ca\/fr\/confessions-sceniques-dispositif-theatralite-et-reinvention-du-reel\/","og_site_name":"TheatreAgora.ca","article_modified_time":"2025-02-18T21:56:17+00:00","og_image":[{"url":"https:\/\/theatreagora.ca\/wp-content\/uploads\/2024\/12\/pierre-olivier-1024x769.jpg","type":"","width":"","height":""}],"twitter_card":"summary_large_image","twitter_misc":{"Dur\u00e9e de lecture estim\u00e9e":"5 minutes"},"schema":{"@context":"https:\/\/schema.org","@graph":[{"@type":"WebPage","@id":"https:\/\/theatreagora.ca\/fr\/confessions-sceniques-dispositif-theatralite-et-reinvention-du-reel\/","url":"https:\/\/theatreagora.ca\/fr\/confessions-sceniques-dispositif-theatralite-et-reinvention-du-reel\/","name":"Confessions sc\u00e9niques : dispositif, th\u00e9\u00e2tralit\u00e9 et r\u00e9invention du r\u00e9el - TheatreAgora.ca","isPartOf":{"@id":"https:\/\/theatreagora.ca\/#website"},"primaryImageOfPage":{"@id":"https:\/\/theatreagora.ca\/fr\/confessions-sceniques-dispositif-theatralite-et-reinvention-du-reel\/#primaryimage"},"image":{"@id":"https:\/\/theatreagora.ca\/fr\/confessions-sceniques-dispositif-theatralite-et-reinvention-du-reel\/#primaryimage"},"thumbnailUrl":"https:\/\/theatreagora.ca\/wp-content\/uploads\/2024\/12\/pierre-olivier-1024x769.jpg","datePublished":"2024-12-17T21:34:57+00:00","dateModified":"2025-02-18T21:56:17+00:00","breadcrumb":{"@id":"https:\/\/theatreagora.ca\/fr\/confessions-sceniques-dispositif-theatralite-et-reinvention-du-reel\/#breadcrumb"},"inLanguage":"fr-FR","potentialAction":[{"@type":"ReadAction","target":["https:\/\/theatreagora.ca\/fr\/confessions-sceniques-dispositif-theatralite-et-reinvention-du-reel\/"]}]},{"@type":"ImageObject","inLanguage":"fr-FR","@id":"https:\/\/theatreagora.ca\/fr\/confessions-sceniques-dispositif-theatralite-et-reinvention-du-reel\/#primaryimage","url":"https:\/\/theatreagora.ca\/wp-content\/uploads\/2024\/12\/pierre-olivier-1024x769.jpg","contentUrl":"https:\/\/theatreagora.ca\/wp-content\/uploads\/2024\/12\/pierre-olivier-1024x769.jpg"},{"@type":"BreadcrumbList","@id":"https:\/\/theatreagora.ca\/fr\/confessions-sceniques-dispositif-theatralite-et-reinvention-du-reel\/#breadcrumb","itemListElement":[{"@type":"ListItem","position":1,"name":"Home","item":"https:\/\/theatreagora.ca\/fr\/"},{"@type":"ListItem","position":2,"name":"Confessions sc\u00e9niques : dispositif, th\u00e9\u00e2tralit\u00e9 et r\u00e9invention du r\u00e9el"}]},{"@type":"WebSite","@id":"https:\/\/theatreagora.ca\/#website","url":"https:\/\/theatreagora.ca\/","name":"TheatreAgora.ca","description":"the online meeting place of CATR and SQET |\u00a0le lieu de rencontre en ligne de la SQET et de l\u2019ACRT","publisher":{"@id":"https:\/\/theatreagora.ca\/#organization"},"potentialAction":[{"@type":"SearchAction","target":{"@type":"EntryPoint","urlTemplate":"https:\/\/theatreagora.ca\/?s={search_term_string}"},"query-input":{"@type":"PropertyValueSpecification","valueRequired":true,"valueName":"search_term_string"}}],"inLanguage":"fr-FR"},{"@type":"Organization","@id":"https:\/\/theatreagora.ca\/#organization","name":"TheatreAgora.ca","url":"https:\/\/theatreagora.ca\/","logo":{"@type":"ImageObject","inLanguage":"fr-FR","@id":"https:\/\/theatreagora.ca\/#\/schema\/logo\/image\/","url":"https:\/\/theatreagora.ca\/wp-content\/uploads\/2024\/11\/cropped-TA_Logo.png","contentUrl":"https:\/\/theatreagora.ca\/wp-content\/uploads\/2024\/11\/cropped-TA_Logo.png","width":2043,"height":517,"caption":"TheatreAgora.ca"},"image":{"@id":"https:\/\/theatreagora.ca\/#\/schema\/logo\/image\/"}}]}},"uagb_featured_image_src":{"full":false,"thumbnail":false,"medium":false,"medium_large":false,"large":false,"1536x1536":false,"2048x2048":false,"post-thumbnail":false,"chaplin_preview_image_low_resolution":false,"chaplin_preview_image_high_resolution":false,"chaplin_fullscreen":false},"uagb_author_info":{"display_name":"Corinne Viau","author_link":"https:\/\/theatreagora.ca\/fr\/author\/corinneviau\/"},"uagb_comment_info":0,"uagb_excerpt":"CEAD &#8211; 19 d\u00e9cembre 2024 \u00e0 17hEn pr\u00e9sentiel au 5445 Avenue de Gasp\u00e9, Montr\u00e9alEn ligne via Th\u00e9\u00e2treAgora.ca \u00c0 premi\u00e8re vue, et si nous observons les programmations th\u00e9\u00e2trales de&hellip;","_links":{"self":[{"href":"https:\/\/theatreagora.ca\/fr\/wp-json\/wp\/v2\/pages\/6353","targetHints":{"allow":["GET"]}}],"collection":[{"href":"https:\/\/theatreagora.ca\/fr\/wp-json\/wp\/v2\/pages"}],"about":[{"href":"https:\/\/theatreagora.ca\/fr\/wp-json\/wp\/v2\/types\/page"}],"author":[{"embeddable":true,"href":"https:\/\/theatreagora.ca\/fr\/wp-json\/wp\/v2\/users\/251"}],"replies":[{"embeddable":true,"href":"https:\/\/theatreagora.ca\/fr\/wp-json\/wp\/v2\/comments?post=6353"}],"version-history":[{"count":3,"href":"https:\/\/theatreagora.ca\/fr\/wp-json\/wp\/v2\/pages\/6353\/revisions"}],"predecessor-version":[{"id":6370,"href":"https:\/\/theatreagora.ca\/fr\/wp-json\/wp\/v2\/pages\/6353\/revisions\/6370"}],"wp:attachment":[{"href":"https:\/\/theatreagora.ca\/fr\/wp-json\/wp\/v2\/media?parent=6353"}],"curies":[{"name":"wp","href":"https:\/\/api.w.org\/{rel}","templated":true}]}}